{"version":"1.0","provider_name":"CARMIS Smart Forms - La Coop\u00e9rative d\u2019int\u00e9gration francophone","provider_url":"https:\/\/cif.carmis.ai\/fr","title":"Destination Canada Forum Mobilit\u00e9 (2026) - CARMIS Smart Forms - La Coop\u00e9rative d\u2019int\u00e9gration francophone","type":"rich","width":600,"height":338,"html":"<blockquote class=\"wp-embedded-content\" data-secret=\"u6FrhTycvb\"><a href=\"https:\/\/cif.carmis.ai\/fr\/destcan2026\/\">Forum Mobilit\u00e9 Destination Canada (2026)<\/a><\/blockquote><iframe sandbox=\"allow-scripts\" security=\"restricted\" src=\"https:\/\/cif.carmis.ai\/fr\/destcan2026\/embed\/#?secret=u6FrhTycvb\" width=\"600\" height=\"338\" title=\"&laquo; Destination Canada Forum Mobilit\u00e9 (2026) &raquo; &#8212; CARMIS Smart Forms - La Coop\u00e9rative d\u2019int\u00e9gration francophone\" data-secret=\"u6FrhTycvb\" frameborder=\"0\" marginwidth=\"0\" marginheight=\"0\" scrolling=\"no\" class=\"wp-embedded-content\"><\/iframe><script type=\"text\/javascript\">\n\/* <![CDATA[ *\/\n\/*! This file is auto-generated *\/\n!function(d,l){\"use strict\";l.querySelector&&d.addEventListener&&\"undefined\"!=typeof URL&&(d.wp=d.wp||{},d.wp.receiveEmbedMessage||(d.wp.receiveEmbedMessage=function(e){var t=e.data;if((t||t.secret||t.message||t.value)&&!\/[^a-zA-Z0-9]\/.test(t.secret)){for(var s,r,n,a=l.querySelectorAll('iframe[data-secret=\"'+t.secret+'\"]'),o=l.querySelectorAll('blockquote[data-secret=\"'+t.secret+'\"]'),c=new RegExp(\"^https?:$\",\"i\"),i=0;i<o.length;i++)o[i].style.display=\"none\";for(i=0;i<a.length;i++)s=a[i],e.source===s.contentWindow&&(s.removeAttribute(\"style\"),\"height\"===t.message?(1e3<(r=parseInt(t.value,10))?r=1e3:~~r<200&&(r=200),s.height=r):\"link\"===t.message&&(r=new URL(s.getAttribute(\"src\")),n=new URL(t.value),c.test(n.protocol))&&n.host===r.host&&l.activeElement===s&&(d.top.location.href=t.value))}},d.addEventListener(\"message\",d.wp.receiveEmbedMessage,!1),l.addEventListener(\"DOMContentLoaded\",function(){for(var e,t,s=l.querySelectorAll(\"iframe.wp-embedded-content\"),r=0;r<s.length;r++)(t=(e=s[r]).getAttribute(\"data-secret\"))||(t=Math.random().toString(36).substring(2,12),e.src+=\"#?secret=\"+t,e.setAttribute(\"data-secret\",t)),e.contentWindow.postMessage({message:\"ready\",secret:t},\"*\")},!1)))}(window,document);\n\/\/# sourceURL=https:\/\/cif.carmis.ai\/wp-includes\/js\/wp-embed.min.js\n\/* ]]> *\/\n<\/script>","thumbnail_url":"https:\/\/cif.carmis.ai\/wp-content\/uploads\/2025\/01\/CIF-SEO.jpg","thumbnail_width":500,"thumbnail_height":200,"description":"Afin de b\u00e9n\u00e9ficier des services de la Coop\u00e9rative d'int\u00e9gration francophone (CIF), veuillez remplir ce questionnaire. La collecte de votre information personnelle est gouvern\u00e9e et prot\u00e9g\u00e9e en vertu de la Loi sur l\u2019immigration et la protection des r\u00e9fugi\u00e9s, la l\u00e9gislation canadienne sur la protection des renseignements personnels stipule que le gouvernement f\u00e9d\u00e9ral est tenu de prot\u00e9ger votre renseignement personnel. Vos informations ... Read More"}